{"id":18761,"date":"2021-07-20T23:45:06","date_gmt":"2021-07-21T04:45:06","guid":{"rendered":"https:\/\/artesagrado.com.mx\/producto\/collar-de-poder-orgon-vector-de-la-vida-cuarzo-lapislazuli-amatista\/"},"modified":"2026-01-22T16:29:00","modified_gmt":"2026-01-22T22:29:00","slug":"collar-de-poder-orgon-vector-de-la-vida-con-cuarzo-lapislazuli-y-amatista","status":"publish","type":"product","link":"https:\/\/artesagrado.com.mx\/en\/product\/collar-de-poder-orgon-vector-de-la-vida-con-cuarzo-lapislazuli-y-amatista\/","title":{"rendered":"Vector of Life orgone power necklace with Lapis Lazuli Quartz and Amethyst"},"content":{"rendered":"<p>The <strong>Vector of life<\/strong> or complex vector; it is the code or matrix of hexagonal equilibrium and in its three-dimensionality the octahedron cube, also called fuller's vector. This code of masculine essence gives structure and order to the framework of 64 archetypes manifested in its feminine aspect \"The flower of life\".<\/p>\n<p>In this symbol the law of fractality is evident; where the masculine contains the feminine and the feminine contains the masculine. The complementary integration of father and Mother; structure with essence; essence with structure.<\/p>\n<p>A toroidal generator code of infinite possibilities contained in the individuality and potential of multidimensional interconnection.<\/p>\n<p>Power Works' inspiration for our 6th ANNIVERSARY:<\/p>\n<ul>\n<li>Number 6: Balance<\/li>\n<li>Hexagon: Development<\/li>\n<li>Vibration 6th AJNA Chakra: Vision and Understanding ascending to crown, fusion of Lapis Lazuli and Amethyst Quartz.<\/li>\n<li>Vector of Life Symbol in Golden Mirror: In perfection is reflected the essence of your Being.<\/li>\n<\/ul>\n<p class=\"translation-block\"><b>Lapi lazuli<\/b><span style=\"font-weight: 400\">  is an ideal stone to stimulate, open and balance the throat chakra, teaching the power of the spoken word, reversing curses or worries caused by not having been expressed in the past.<\/span><\/p>\n<p>The benefits of lapis lazuli consist of a powerful intense blue stone that is used to open the mind and give enlightenment. It is used to promote self-awareness, self-confidence, self-knowledge, peace and harmony, compassion, morality, making the wearer in a good mood throughout the day.<\/p>\n<p>Because of its connection to celestial energies, some of the healing properties of lapis lazuli are believed to produce vibrations that activate the mind and influence the life of more intelligence, success and stillness of the inner senses.<\/p>\n<p>Synchronizes mind, body and spirit. <\/p>\n<p>Its power can reveal your inner wisdom and enhance the connection with your inner strength.<\/p>\n<p class=\"translation-block\"><b>Amethyst<\/b><span style=\"font-weight: 400\"> is an extraordinarily powerful and protective stone, with a high spiritual vibration as it promotes love for the divine.<\/span><\/p>\n<p>It protects from psychic attack, transmuting energy into love, it is a natural tranquilizer and beneficial for the mind, relaxing or stimulating as needed, which is why it is recommended in cases of overactive mind or insomnia.<\/p>\n<p>On a mental level: It is highly recommended to meditate and work with the sixth chakra, related to the third eye, as it opens the intuition, facilitating decision making.<\/p>\n<p>Emotionally: Dispels anger, rage, fear and anxiety; Relieves sadness and grief, as it helps to integrate losses.<\/p>\n<p>On a physical level: It boosts hormone production, relieves pain and relaxes muscle tension, promotes wound healing, aids in ear disorders and swelling, helps heal lung and respiratory tract diseases, as well as cellular and digestive system disorders.<\/p>\n<p>At the energetic level: It cleanses the aura and transmutes negative energy, stimulating the chakras; It enhances spiritual awareness and blocks negative energies and geopathic tensions.<\/p>","protected":false},"excerpt":{"rendered":"<p>Orgone or orgonite necklace of 4.4 cm in diameter, made in fusion of Lapis Lazuli and Amethyst quartz with copper machinery (spiral) and bronze base. Vector of Life Symbol in Golden mirror.<\/p>\n<p>Necklace Holder with Gold Plated Emblem<\/p>\n<p>Two versions of bra: black fabric cord and gold stainless steel chain.<\/p>","protected":false},"featured_media":38769,"comment_status":"open","ping_status":"closed","template":"","meta":{"_acf_changed":false,"site-sidebar-layout":"default","site-content-layout":"","ast-site-content-layout":"default","site-content-style":"default","site-sidebar-style":"default","ast-global-header-display":"","ast-banner-title-visibility":"","ast-main-header-display":"","ast-hfb-above-header-display":"","ast-hfb-below-header-display":"","ast-hfb-mobile-header-display":"","site-post-title":"","ast-breadcrumbs-content":"","ast-featured-img":"","footer-sml-layout":"","ast-disable-related-posts":"","theme-transparent-header-meta":"default","adv-header-id-meta":"","stick-header-meta":"","header-above-stick-meta":"","header-main-stick-meta":"","header-below-stick-meta":"","astra-migrate-meta-layouts":"set","ast-page-background-enabled":"default","ast-page-background-meta":{"desktop":{"background-color":"var(--ast-global-color-4)","background-image":"","background-repeat":"repeat","background-position":"center center","background-size":"auto","background-attachment":"scroll","background-type":"","background-media":"","overlay-type":"","overlay-color":"","overlay-opacity":"","overlay-gradient":""},"tablet":{"background-color":"","background-image":"","background-repeat":"repeat","background-position":"center center","background-size":"auto","background-attachment":"scroll","background-type":"","background-media":"","overlay-type":"","overlay-color":"","overlay-opacity":"","overlay-gradient":""},"mobile":{"background-color":"","background-image":"","background-repeat":"repeat","background-position":"center center","background-size":"auto","background-attachment":"scroll","background-type":"","background-media":"","overlay-type":"","overlay-color":"","overlay-opacity":"","overlay-gradient":""}},"ast-content-background-meta":{"desktop":{"background-color":"var(--ast-global-color-5)","background-image":"","background-repeat":"repeat","background-position":"center center","background-size":"auto","background-attachment":"scroll","background-type":"","background-media":"","overlay-type":"","overlay-color":"","overlay-opacity":"","overlay-gradient":""},"tablet":{"background-color":"var(--ast-global-color-5)","background-image":"","background-repeat":"repeat","background-position":"center center","background-size":"auto","background-attachment":"scroll","background-type":"","background-media":"","overlay-type":"","overlay-color":"","overlay-opacity":"","overlay-gradient":""},"mobile":{"background-color":"var(--ast-global-color-5)","background-image":"","background-repeat":"repeat","background-position":"center center","background-size":"auto","background-attachment":"scroll","background-type":"","background-media":"","overlay-type":"","overlay-color":"","overlay-opacity":"","overlay-gradient":""}},"_joinchat":[]},"astrologia":[],"coleccion":[947],"joyeria":[1582,1574],"linea":[],"material":[2225,2342,2226],"orgonita":[1596,1599,1633],"piedra":[864,873,889],"proposito":[688,1875,706,691,1685,694,1840,695,1876],"simbolo":[855],"tamano":[810],"visibilidad-producto-nuevo":[],"product_brand":[],"product_cat":[1617,1618,1610],"product_tag":[],"class_list":{"0":"post-18761","1":"product","2":"type-product","3":"status-publish","4":"has-post-thumbnail","6":"coleccion-6to-aniv-vector-de-la-vida","7":"joyeria-collares-orgon","8":"joyeria-coleccion-joyeria","9":"material-acero-inoxidable","10":"material-cuarzo","11":"material-tela","12":"orgonita-collar-orgon","13":"orgonita-collar-orgon-mediano","14":"orgonita-joyeria","15":"piedra-amatista","16":"piedra-cobre","17":"piedra-lapislazuli","18":"proposito-armonia","19":"proposito-ascension","20":"proposito-desarrollo-espiritual","21":"proposito-equilibrio","22":"proposito-proteccion","23":"proposito-purificacion","24":"proposito-transformacion","25":"proposito-transmutacion","26":"proposito-vision","27":"simbolo-vector-de-la-vida","28":"tamano-mediano","29":"product_cat-colecciones","30":"product_cat-joyeria","31":"product_cat-orgonitas","32":"desktop-align-left","33":"tablet-align-left","34":"mobile-align-left","36":"first","37":"instock","38":"purchasable","39":"product-type-variable","40":"has-default-attributes","41":"wvs-archive-product-wrapper"},"acf":[],"yoast_head":"<!-- This site is optimized with the Yoast SEO Premium plugin v24.9 (Yoast SEO v24.9) - https:\/\/yoast.com\/wordpress\/plugins\/seo\/ -->\n<title>Collar de poder org\u00f3n Vector de la Vida con Cuarzo Lapisl\u00e1zuli y Amatista &#8902; Arte Sagrado<\/title>\n<meta name=\"description\" content=\"Collar de poder Org\u00f3n Vector de la Vida con Cuarzo Lapisl\u00e1zuli y Amatista: 4.4 cm di\u00e1metro, maquinaria de cobre, s\u00edmbolo en espejo Dorado.\" \/>\n<meta name=\"robots\" content=\"index, follow, max-snippet:-1, max-image-preview:large, max-video-preview:-1\" \/>\n<link rel=\"canonical\" href=\"https:\/\/artesagrado.com.mx\/en\/product\/collar-de-poder-orgon-vector-de-la-vida-con-cuarzo-lapislazuli-y-amatista\/\" \/>\n<meta property=\"og:locale\" content=\"en_US\" \/>\n<meta property=\"og:type\" content=\"article\" \/>\n<meta property=\"og:title\" content=\"Collar de poder org\u00f3n Vector de la Vida con Cuarzo Lapisl\u00e1zuli y Amatista\" \/>\n<meta property=\"og:description\" content=\"Descubre la colecci\u00f3n de productos de Arte Sagrado M\u00e9xico: joyer\u00eda y dispositivos energ\u00e9ticos elaborados con geometr\u00eda sagrada y tecnolog\u00eda Org\u00f3n para equilibrar y armonizar tu vida.\" \/>\n<meta property=\"og:url\" content=\"https:\/\/artesagrado.com.mx\/en\/product\/collar-de-poder-orgon-vector-de-la-vida-con-cuarzo-lapislazuli-y-amatista\/\" \/>\n<meta property=\"og:site_name\" content=\"Arte Sagrado\" \/>\n<meta property=\"article:publisher\" content=\"https:\/\/www.facebook.com\/ArteSagradoMexico\" \/>\n<meta property=\"article:modified_time\" content=\"2026-01-22T22:29:00+00:00\" \/>\n<meta property=\"og:image\" content=\"https:\/\/artesagrado.com.mx\/wp-content\/uploads\/2024\/05\/Collar-de-poder-orgon-Vector-de-la-Vida-con-Cuarzo-Lapislazuli-y-Amatista_3.webp\" \/>\n\t<meta property=\"og:image:width\" content=\"1000\" \/>\n\t<meta property=\"og:image:height\" content=\"1000\" \/>\n\t<meta property=\"og:image:type\" content=\"image\/webp\" \/>\n<meta name=\"twitter:card\" content=\"summary_large_image\" \/>\n<meta name=\"twitter:label1\" content=\"Availability\" \/>\n\t<meta name=\"twitter:data1\" content=\"In stock\" \/>\n<script type=\"application\/ld+json\" class=\"yoast-schema-graph\">{\"@context\":\"https:\/\/schema.org\",\"@graph\":[{\"@type\":\"WebPage\",\"@id\":\"https:\/\/artesagrado.com.mx\/producto\/collar-de-poder-orgon-vector-de-la-vida-con-cuarzo-lapislazuli-y-amatista\/\",\"url\":\"https:\/\/artesagrado.com.mx\/producto\/collar-de-poder-orgon-vector-de-la-vida-con-cuarzo-lapislazuli-y-amatista\/\",\"name\":\"Collar de poder org\u00f3n Vector de la Vida con Cuarzo Lapisl\u00e1zuli y Amatista &#8902; Arte Sagrado\",\"isPartOf\":{\"@id\":\"https:\/\/artesagrado.com.mx\/#website\"},\"primaryImageOfPage\":{\"@id\":\"https:\/\/artesagrado.com.mx\/producto\/collar-de-poder-orgon-vector-de-la-vida-con-cuarzo-lapislazuli-y-amatista\/#primaryimage\"},\"image\":{\"@id\":\"https:\/\/artesagrado.com.mx\/producto\/collar-de-poder-orgon-vector-de-la-vida-con-cuarzo-lapislazuli-y-amatista\/#primaryimage\"},\"thumbnailUrl\":\"https:\/\/artesagrado.com.mx\/wp-content\/uploads\/2024\/05\/Collar-de-poder-orgon-Vector-de-la-Vida-con-Cuarzo-Lapislazuli-y-Amatista_3.webp\",\"datePublished\":\"2021-07-21T04:45:06+00:00\",\"dateModified\":\"2026-01-22T22:29:00+00:00\",\"description\":\"Collar de poder Org\u00f3n Vector de la Vida con Cuarzo Lapisl\u00e1zuli y Amatista: 4.4 cm di\u00e1metro, maquinaria de cobre, s\u00edmbolo en espejo Dorado.\",\"breadcrumb\":{\"@id\":\"https:\/\/artesagrado.com.mx\/producto\/collar-de-poder-orgon-vector-de-la-vida-con-cuarzo-lapislazuli-y-amatista\/#breadcrumb\"},\"inLanguage\":\"en-US\",\"potentialAction\":[{\"@type\":\"ReadAction\",\"target\":[\"https:\/\/artesagrado.com.mx\/producto\/collar-de-poder-orgon-vector-de-la-vida-con-cuarzo-lapislazuli-y-amatista\/\"]}]},{\"@type\":\"ImageObject\",\"inLanguage\":\"en-US\",\"@id\":\"https:\/\/artesagrado.com.mx\/producto\/collar-de-poder-orgon-vector-de-la-vida-con-cuarzo-lapislazuli-y-amatista\/#primaryimage\",\"url\":\"https:\/\/artesagrado.com.mx\/wp-content\/uploads\/2024\/05\/Collar-de-poder-orgon-Vector-de-la-Vida-con-Cuarzo-Lapislazuli-y-Amatista_3.webp\",\"contentUrl\":\"https:\/\/artesagrado.com.mx\/wp-content\/uploads\/2024\/05\/Collar-de-poder-orgon-Vector-de-la-Vida-con-Cuarzo-Lapislazuli-y-Amatista_3.webp\",\"width\":1000,\"height\":1000,\"caption\":\"Collar de Poder Org\u00f3n Vector de la Vida con Cuarzo Lapisl\u00e1zuli y Amatista - Vista Frontal con Cadena de Tela\"},{\"@type\":\"BreadcrumbList\",\"@id\":\"https:\/\/artesagrado.com.mx\/producto\/collar-de-poder-orgon-vector-de-la-vida-con-cuarzo-lapislazuli-y-amatista\/#breadcrumb\",\"itemListElement\":[{\"@type\":\"ListItem\",\"position\":1,\"name\":\"Portada\",\"item\":\"https:\/\/artesagrado.com.mx\/\"},{\"@type\":\"ListItem\",\"position\":2,\"name\":\"Tienda\",\"item\":\"https:\/\/artesagrado.com.mx\/tienda\/\"},{\"@type\":\"ListItem\",\"position\":3,\"name\":\"Collar de poder org\u00f3n Vector de la Vida con Cuarzo Lapisl\u00e1zuli y Amatista\"}]},{\"@type\":\"WebSite\",\"@id\":\"https:\/\/artesagrado.com.mx\/#website\",\"url\":\"https:\/\/artesagrado.com.mx\/\",\"name\":\"Arte Sagrado\",\"description\":\"Empoderando tu ser\",\"publisher\":{\"@id\":\"https:\/\/artesagrado.com.mx\/#organization\"},\"alternateName\":\"Arte Sagrado M\u00e9xico\",\"potentialAction\":[{\"@type\":\"SearchAction\",\"target\":{\"@type\":\"EntryPoint\",\"urlTemplate\":\"https:\/\/artesagrado.com.mx\/?s={search_term_string}\"},\"query-input\":{\"@type\":\"PropertyValueSpecification\",\"valueRequired\":true,\"valueName\":\"search_term_string\"}}],\"inLanguage\":\"en-US\"},{\"@type\":\"Organization\",\"@id\":\"https:\/\/artesagrado.com.mx\/#organization\",\"name\":\"Arte Sagrado\",\"alternateName\":\"Arte Sagrado M\u00e9xico\",\"url\":\"https:\/\/artesagrado.com.mx\/\",\"logo\":{\"@type\":\"ImageObject\",\"inLanguage\":\"en-US\",\"@id\":\"https:\/\/artesagrado.com.mx\/#\/schema\/logo\/image\/\",\"url\":\"https:\/\/artesagrado.com.mx\/wp-content\/uploads\/2024\/07\/portada_cuadrada_base_arte-sagrado.webp\",\"contentUrl\":\"https:\/\/artesagrado.com.mx\/wp-content\/uploads\/2024\/07\/portada_cuadrada_base_arte-sagrado.webp\",\"width\":1000,\"height\":1000,\"caption\":\"Arte Sagrado\"},\"image\":{\"@id\":\"https:\/\/artesagrado.com.mx\/#\/schema\/logo\/image\/\"},\"sameAs\":[\"https:\/\/www.facebook.com\/ArteSagradoMexico\",\"https:\/\/www.instagram.com\/arte_sagrado_oficial\/\",\"https:\/\/www.tiktok.com\/@arte_sagrado_oficial\"],\"description\":\"Arte Sagrado\u00ae es un proyecto pensado, sentido y accionado al servicio de la humanidad y la conciencia. Nacemos en tiempos precisos donde la luz y el recuerdo de nuestra grandeza, empiezan a resplandecer; es por eso que nuestro proyecto se enfoca y especializa en contribuir con informaci\u00f3n y conocimiento de los arquetipos originales y el lenguaje de la geometr\u00eda sagrada.\",\"publishingPrinciples\":\"https:\/\/artesagrado.com.mx\/conoce-a-arte-sagrado\/\"}]}<\/script>\n<meta property=\"og:availability\" content=\"instock\" \/>\n<meta property=\"product:availability\" content=\"instock\" \/>\n<meta property=\"product:retailer_item_id\" content=\"61ebab30edd4\" \/>\n<meta property=\"product:condition\" content=\"new\" \/>\n<!-- \/ Yoast SEO Premium plugin. -->","yoast_head_json":{"title":"Collar de poder org\u00f3n Vector de la Vida con Cuarzo Lapisl\u00e1zuli y Amatista &#8902; Arte Sagrado","description":"Collar de poder Org\u00f3n Vector de la Vida con Cuarzo Lapisl\u00e1zuli y Amatista: 4.4 cm di\u00e1metro, maquinaria de cobre, s\u00edmbolo en espejo Dorado.","robots":{"index":"index","follow":"follow","max-snippet":"max-snippet:-1","max-image-preview":"max-image-preview:large","max-video-preview":"max-video-preview:-1"},"canonical":"https:\/\/artesagrado.com.mx\/en\/product\/collar-de-poder-orgon-vector-de-la-vida-con-cuarzo-lapislazuli-y-amatista\/","og_locale":"en_US","og_type":"article","og_title":"Collar de poder org\u00f3n Vector de la Vida con Cuarzo Lapisl\u00e1zuli y Amatista","og_description":"Descubre la colecci\u00f3n de productos de Arte Sagrado M\u00e9xico: joyer\u00eda y dispositivos energ\u00e9ticos elaborados con geometr\u00eda sagrada y tecnolog\u00eda Org\u00f3n para equilibrar y armonizar tu vida.","og_url":"https:\/\/artesagrado.com.mx\/en\/product\/collar-de-poder-orgon-vector-de-la-vida-con-cuarzo-lapislazuli-y-amatista\/","og_site_name":"Arte Sagrado","article_publisher":"https:\/\/www.facebook.com\/ArteSagradoMexico","article_modified_time":"2026-01-22T22:29:00+00:00","og_image":[{"width":1000,"height":1000,"url":"https:\/\/artesagrado.com.mx\/wp-content\/uploads\/2024\/05\/Collar-de-poder-orgon-Vector-de-la-Vida-con-Cuarzo-Lapislazuli-y-Amatista_3.webp","type":"image\/webp"}],"twitter_card":"summary_large_image","twitter_misc":{"Availability":"In stock"},"schema":{"@context":"https:\/\/schema.org","@graph":[{"@type":"WebPage","@id":"https:\/\/artesagrado.com.mx\/producto\/collar-de-poder-orgon-vector-de-la-vida-con-cuarzo-lapislazuli-y-amatista\/","url":"https:\/\/artesagrado.com.mx\/producto\/collar-de-poder-orgon-vector-de-la-vida-con-cuarzo-lapislazuli-y-amatista\/","name":"Collar de poder org\u00f3n Vector de la Vida con Cuarzo Lapisl\u00e1zuli y Amatista &#8902; Arte Sagrado","isPartOf":{"@id":"https:\/\/artesagrado.com.mx\/#website"},"primaryImageOfPage":{"@id":"https:\/\/artesagrado.com.mx\/producto\/collar-de-poder-orgon-vector-de-la-vida-con-cuarzo-lapislazuli-y-amatista\/#primaryimage"},"image":{"@id":"https:\/\/artesagrado.com.mx\/producto\/collar-de-poder-orgon-vector-de-la-vida-con-cuarzo-lapislazuli-y-amatista\/#primaryimage"},"thumbnailUrl":"https:\/\/artesagrado.com.mx\/wp-content\/uploads\/2024\/05\/Collar-de-poder-orgon-Vector-de-la-Vida-con-Cuarzo-Lapislazuli-y-Amatista_3.webp","datePublished":"2021-07-21T04:45:06+00:00","dateModified":"2026-01-22T22:29:00+00:00","description":"Collar de poder Org\u00f3n Vector de la Vida con Cuarzo Lapisl\u00e1zuli y Amatista: 4.4 cm di\u00e1metro, maquinaria de cobre, s\u00edmbolo en espejo Dorado.","breadcrumb":{"@id":"https:\/\/artesagrado.com.mx\/producto\/collar-de-poder-orgon-vector-de-la-vida-con-cuarzo-lapislazuli-y-amatista\/#breadcrumb"},"inLanguage":"en-US","potentialAction":[{"@type":"ReadAction","target":["https:\/\/artesagrado.com.mx\/producto\/collar-de-poder-orgon-vector-de-la-vida-con-cuarzo-lapislazuli-y-amatista\/"]}]},{"@type":"ImageObject","inLanguage":"en-US","@id":"https:\/\/artesagrado.com.mx\/producto\/collar-de-poder-orgon-vector-de-la-vida-con-cuarzo-lapislazuli-y-amatista\/#primaryimage","url":"https:\/\/artesagrado.com.mx\/wp-content\/uploads\/2024\/05\/Collar-de-poder-orgon-Vector-de-la-Vida-con-Cuarzo-Lapislazuli-y-Amatista_3.webp","contentUrl":"https:\/\/artesagrado.com.mx\/wp-content\/uploads\/2024\/05\/Collar-de-poder-orgon-Vector-de-la-Vida-con-Cuarzo-Lapislazuli-y-Amatista_3.webp","width":1000,"height":1000,"caption":"Collar de Poder Org\u00f3n Vector de la Vida con Cuarzo Lapisl\u00e1zuli y Amatista - Vista Frontal con Cadena de Tela"},{"@type":"BreadcrumbList","@id":"https:\/\/artesagrado.com.mx\/producto\/collar-de-poder-orgon-vector-de-la-vida-con-cuarzo-lapislazuli-y-amatista\/#breadcrumb","itemListElement":[{"@type":"ListItem","position":1,"name":"Portada","item":"https:\/\/artesagrado.com.mx\/"},{"@type":"ListItem","position":2,"name":"Tienda","item":"https:\/\/artesagrado.com.mx\/tienda\/"},{"@type":"ListItem","position":3,"name":"Collar de poder org\u00f3n Vector de la Vida con Cuarzo Lapisl\u00e1zuli y Amatista"}]},{"@type":"WebSite","@id":"https:\/\/artesagrado.com.mx\/#website","url":"https:\/\/artesagrado.com.mx\/","name":"Arte Sagrado","description":"Empoderando tu ser","publisher":{"@id":"https:\/\/artesagrado.com.mx\/#organization"},"alternateName":"Arte Sagrado M\u00e9xico","potentialAction":[{"@type":"SearchAction","target":{"@type":"EntryPoint","urlTemplate":"https:\/\/artesagrado.com.mx\/?s={search_term_string}"},"query-input":{"@type":"PropertyValueSpecification","valueRequired":true,"valueName":"search_term_string"}}],"inLanguage":"en-US"},{"@type":"Organization","@id":"https:\/\/artesagrado.com.mx\/#organization","name":"Arte Sagrado","alternateName":"Arte Sagrado M\u00e9xico","url":"https:\/\/artesagrado.com.mx\/","logo":{"@type":"ImageObject","inLanguage":"en-US","@id":"https:\/\/artesagrado.com.mx\/#\/schema\/logo\/image\/","url":"https:\/\/artesagrado.com.mx\/wp-content\/uploads\/2024\/07\/portada_cuadrada_base_arte-sagrado.webp","contentUrl":"https:\/\/artesagrado.com.mx\/wp-content\/uploads\/2024\/07\/portada_cuadrada_base_arte-sagrado.webp","width":1000,"height":1000,"caption":"Arte Sagrado"},"image":{"@id":"https:\/\/artesagrado.com.mx\/#\/schema\/logo\/image\/"},"sameAs":["https:\/\/www.facebook.com\/ArteSagradoMexico","https:\/\/www.instagram.com\/arte_sagrado_oficial\/","https:\/\/www.tiktok.com\/@arte_sagrado_oficial"],"description":"Arte Sagrado\u00ae es un proyecto pensado, sentido y accionado al servicio de la humanidad y la conciencia. Nacemos en tiempos precisos donde la luz y el recuerdo de nuestra grandeza, empiezan a resplandecer; es por eso que nuestro proyecto se enfoca y especializa en contribuir con informaci\u00f3n y conocimiento de los arquetipos originales y el lenguaje de la geometr\u00eda sagrada.","publishingPrinciples":"https:\/\/artesagrado.com.mx\/conoce-a-arte-sagrado\/"}]},"og_availability":"instock","product_availability":"instock","product_retailer_item_id":"61ebab30edd4","product_condition":"new"},"jetpack_sharing_enabled":true,"_links":{"self":[{"href":"https:\/\/artesagrado.com.mx\/en\/wp-json\/wp\/v2\/product\/18761","targetHints":{"allow":["GET"]}}],"collection":[{"href":"https:\/\/artesagrado.com.mx\/en\/wp-json\/wp\/v2\/product"}],"about":[{"href":"https:\/\/artesagrado.com.mx\/en\/wp-json\/wp\/v2\/types\/product"}],"replies":[{"embeddable":true,"href":"https:\/\/artesagrado.com.mx\/en\/wp-json\/wp\/v2\/comments?post=18761"}],"wp:featuredmedia":[{"embeddable":true,"href":"https:\/\/artesagrado.com.mx\/en\/wp-json\/wp\/v2\/media\/38769"}],"wp:attachment":[{"href":"https:\/\/artesagrado.com.mx\/en\/wp-json\/wp\/v2\/media?parent=18761"}],"wp:term":[{"taxonomy":"astrologia","embeddable":true,"href":"https:\/\/artesagrado.com.mx\/en\/wp-json\/wp\/v2\/astrologia?post=18761"},{"taxonomy":"coleccion","embeddable":true,"href":"https:\/\/artesagrado.com.mx\/en\/wp-json\/wp\/v2\/coleccion?post=18761"},{"taxonomy":"joyeria","embeddable":true,"href":"https:\/\/artesagrado.com.mx\/en\/wp-json\/wp\/v2\/joyeria?post=18761"},{"taxonomy":"linea","embeddable":true,"href":"https:\/\/artesagrado.com.mx\/en\/wp-json\/wp\/v2\/linea?post=18761"},{"taxonomy":"material","embeddable":true,"href":"https:\/\/artesagrado.com.mx\/en\/wp-json\/wp\/v2\/material?post=18761"},{"taxonomy":"orgonita","embeddable":true,"href":"https:\/\/artesagrado.com.mx\/en\/wp-json\/wp\/v2\/orgonita?post=18761"},{"taxonomy":"piedra","embeddable":true,"href":"https:\/\/artesagrado.com.mx\/en\/wp-json\/wp\/v2\/piedra?post=18761"},{"taxonomy":"proposito","embeddable":true,"href":"https:\/\/artesagrado.com.mx\/en\/wp-json\/wp\/v2\/proposito?post=18761"},{"taxonomy":"simbolo","embeddable":true,"href":"https:\/\/artesagrado.com.mx\/en\/wp-json\/wp\/v2\/simbolo?post=18761"},{"taxonomy":"tamano","embeddable":true,"href":"https:\/\/artesagrado.com.mx\/en\/wp-json\/wp\/v2\/tamano?post=18761"},{"taxonomy":"visibilidad-producto-nuevo","embeddable":true,"href":"https:\/\/artesagrado.com.mx\/en\/wp-json\/wp\/v2\/visibilidad-producto-nuevo?post=18761"},{"taxonomy":"product_brand","embeddable":true,"href":"https:\/\/artesagrado.com.mx\/en\/wp-json\/wp\/v2\/product_brand?post=18761"},{"taxonomy":"product_cat","embeddable":true,"href":"https:\/\/artesagrado.com.mx\/en\/wp-json\/wp\/v2\/product_cat?post=18761"},{"taxonomy":"product_tag","embeddable":true,"href":"https:\/\/artesagrado.com.mx\/en\/wp-json\/wp\/v2\/product_tag?post=18761"}],"curies":[{"name":"wp","href":"https:\/\/api.w.org\/{rel}","templated":true}]}}